{"id":1936,"date":"2023-04-28T12:29:01","date_gmt":"2023-04-28T10:29:01","guid":{"rendered":"https:\/\/karierynew.uek.krakow.pl\/job-fair-employer\/"},"modified":"2026-02-20T15:50:11","modified_gmt":"2026-02-20T14:50:11","slug":"job-fair-employer","status":"publish","type":"page","link":"https:\/\/kariery.uek.krakow.pl\/en\/job-fair-employer\/","title":{"rendered":"Job fair &#8211; employer"},"content":{"rendered":"<p><div class=\"fusion-fullwidth fullwidth-box fusion-builder-row-1 fusion-flex-container has-pattern-background has-mask-background nonhundred-percent-fullwidth non-hundred-percent-height-scrolling\" style=\"--awb-border-radius-top-left:0px;--awb-border-radius-top-right:0px;--awb-border-radius-bottom-right:0px;--awb-border-radius-bottom-left:0px;--awb-padding-top:5vh;--awb-padding-right:2.5vw;--awb-padding-bottom:10vh;--awb-padding-left:2.5vw;--awb-flex-wrap:wrap;\" ><div class=\"fusion-builder-row fusion-row fusion-flex-align-items-center fusion-flex-content-wrap\" style=\"max-width:calc( 1400px + 0px );margin-left: calc(-0px \/ 2 );margin-right: calc(-0px \/ 2 );\"><div class=\"fusion-layout-column fusion_builder_column fusion-builder-column-0 fusion_builder_column_1_1 1_1 fusion-flex-column\" style=\"--awb-padding-top:3rem;--awb-padding-right:25%;--awb-padding-bottom:3rem;--awb-padding-left:3rem;--awb-padding-right-medium:3rem;--awb-padding-left-medium:3rem;--awb-padding-top-small:2rem;--awb-padding-right-small:2rem;--awb-padding-bottom-small:2rem;--awb-padding-left-small:2rem;--awb-overflow:hidden;--awb-bg-color:var(--awb-custom_color_2);--awb-bg-color-hover:var(--awb-custom_color_2);--awb-bg-size:cover;--awb-border-radius:16px 16px 16px 16px;--awb-width-large:100%;--awb-margin-top-large:0px;--awb-spacing-right-large:0px;--awb-margin-bottom-large:0px;--awb-spacing-left-large:0px;--awb-width-medium:100%;--awb-order-medium:0;--awb-spacing-right-medium:0px;--awb-spacing-left-medium:0px;--awb-width-small:100%;--awb-order-small:0;--awb-spacing-right-small:0px;--awb-spacing-left-small:0px;\"><div class=\"fusion-column-wrapper fusion-column-has-shadow fusion-flex-justify-content-flex-start fusion-content-layout-column\"><div style=\"width:64px;height:64px;position:absolute;bottom:-32px;right:20px;background-color:var(--awb-color5);border-radius:4px;z-index:10;\" class=\"rectangle-decoration-ack\"><\/div>\n<div style=\"width:64px;height:64px;position:absolute;top:64px;right:-32px;background-color:var(--awb-color4);border-radius:4px;z-index:10;\" class=\"rectangle-decoration-ack\"><\/div><div class=\"fusion-text fusion-text-1 fusion-text-no-margin\" style=\"--awb-font-size:var(--awb-custom_typography_1-font-size);--awb-line-height:var(--awb-custom_typography_1-line-height);--awb-letter-spacing:var(--awb-custom_typography_1-letter-spacing);--awb-text-transform:var(--awb-custom_typography_1-text-transform);--awb-text-color:var(--awb-color5);--awb-margin-top:0px;--awb-margin-right:0px;--awb-margin-bottom:1.5rem;--awb-margin-left:0px;--awb-text-font-family:var(--awb-custom_typography_1-font-family);--awb-text-font-weight:var(--awb-custom_typography_1-font-weight);--awb-text-font-style:var(--awb-custom_typography_1-font-style);\"><p>Call for cooperation<\/p>\n<\/div><div class=\"fusion-title title fusion-title-1 fusion-sep-none fusion-title-text fusion-title-size-one\" style=\"--awb-margin-top:0px;--awb-margin-bottom:1.5rem;--awb-margin-top-small:0px;--awb-margin-right-small:0px;--awb-margin-bottom-small:1.5rem;--awb-margin-left-small:0px;\"><h1 class=\"fusion-title-heading title-heading-left fusion-responsive-typography-calculated\" style=\"margin:0;--fontSize:56;line-height:var(--awb-typography1-line-height);\">XXV KUE Job Fair 2026<\/h1><\/div><div class=\"fusion-text fusion-text-2 fusion-text-no-margin\" style=\"--awb-content-alignment:left;--awb-text-color:var(--awb-color7);--awb-margin-top:0px;--awb-margin-right:0px;--awb-margin-bottom:0px;--awb-margin-left:0px;\"><p>XXV KUE Job Fair will take place on March 5, 2026.<b> <\/b>Join us!<\/p>\n<\/div><\/div><\/div><\/div><\/div><div class=\"fusion-fullwidth fullwidth-box fusion-builder-row-2 fusion-flex-container has-pattern-background has-mask-background nonhundred-percent-fullwidth non-hundred-percent-height-scrolling\" style=\"--awb-border-radius-top-left:0px;--awb-border-radius-top-right:0px;--awb-border-radius-bottom-right:0px;--awb-border-radius-bottom-left:0px;--awb-padding-bottom:10vh;--awb-flex-wrap:wrap;\" ><div class=\"fusion-builder-row fusion-row fusion-flex-align-items-flex-start fusion-flex-content-wrap\" style=\"max-width:calc( 1400px + 2rem );margin-left: calc(-2rem \/ 2 );margin-right: calc(-2rem \/ 2 );\"><div class=\"fusion-layout-column fusion_builder_column fusion-builder-column-1 fusion_builder_column_2_3 2_3 fusion-flex-column\" style=\"--awb-bg-size:cover;--awb-width-large:66.666666666667%;--awb-margin-top-large:0px;--awb-spacing-right-large:1rem;--awb-margin-bottom-large:2rem;--awb-spacing-left-large:1rem;--awb-width-medium:66.666666666667%;--awb-order-medium:0;--awb-spacing-right-medium:1rem;--awb-spacing-left-medium:1rem;--awb-width-small:100%;--awb-order-small:0;--awb-spacing-right-small:1rem;--awb-spacing-left-small:1rem;\"><div class=\"fusion-column-wrapper fusion-column-has-shadow fusion-flex-justify-content-flex-start fusion-content-layout-column\"><div ><a class=\"fusion-button button-flat fusion-button-default-size button-default fusion-button-default button-1 fusion-button-default-span fusion-button-default-type\" style=\"--button_margin-bottom:5vh;\" target=\"_blank\" rel=\"noopener noreferrer\" href=\"https:\/\/kariery.uek.krakow.pl\/en\/xxiv-targi-pracy-uek-przyciagnely-tlumy\/\"><span class=\"fusion-button-text awb-button__text awb-button__text--default\">Summary of the XXIV KUE Job Fair<\/span><\/a><\/div><div class=\"fusion-title title fusion-title-2 fusion-sep-none fusion-title-text fusion-title-size-two\" style=\"--awb-margin-top-small:10px;--awb-margin-right-small:0px;--awb-margin-bottom-small:10px;--awb-margin-left-small:0px;--awb-font-size:var(--awb-typography3-font-size);\"><h2 class=\"fusion-title-heading title-heading-left fusion-responsive-typography-calculated\" style=\"font-family:var(--awb-typography3-font-family);font-weight:var(--awb-typography3-font-weight);font-style:var(--awb-typography3-font-style);margin:0;letter-spacing:var(--awb-typography3-letter-spacing);text-transform:var(--awb-typography3-text-transform);font-size:1em;--fontSize:24;line-height:var(--awb-typography3-line-height);\">Purpose of the event and benefits for Partners<\/h2><\/div><div class=\"fusion-text fusion-text-3 fusion-text-no-margin\" style=\"--awb-margin-top:0px;--awb-margin-right:0px;--awb-margin-bottom:0px;--awb-margin-left:0px;\"><p>The KUE Job Fair is one of the University\u2019s most widely recognised events, highly ranked by employers, as well as by students and graduates.<\/p>\n<p>We cooperate with companies and offer effective solutions that help them to reach successfully potential candidates with their job offers. We ensure top quality services, effective advertising activities within the University community, high attendance rates and competitive terms of participation.<\/p>\n<\/div><\/div><\/div><div class=\"fusion-layout-column fusion_builder_column fusion-builder-column-2 awb-sticky awb-sticky-medium awb-sticky-large fusion_builder_column_1_3 1_3 fusion-flex-column\" style=\"--awb-padding-top:2rem;--awb-padding-right:2rem;--awb-padding-bottom:2rem;--awb-padding-left:2rem;--awb-overflow:hidden;--awb-bg-color:var(--awb-custom_color_2);--awb-bg-color-hover:var(--awb-custom_color_2);--awb-bg-size:cover;--awb-border-radius:16px 16px 16px 16px;--awb-width-large:33.333333333333%;--awb-margin-top-large:0px;--awb-spacing-right-large:1rem;--awb-margin-bottom-large:0px;--awb-spacing-left-large:1rem;--awb-width-medium:33.333333333333%;--awb-order-medium:0;--awb-spacing-right-medium:1rem;--awb-spacing-left-medium:1rem;--awb-width-small:100%;--awb-order-small:0;--awb-margin-top-small:5vh;--awb-spacing-right-small:1rem;--awb-spacing-left-small:1rem;--awb-sticky-offset:80px;\"><div class=\"fusion-column-wrapper fusion-column-has-shadow fusion-flex-justify-content-flex-start fusion-content-layout-column\"><div class=\"fusion-text fusion-text-4 sm-text-align-center fusion-text-no-margin\" style=\"--awb-font-size:var(--awb-custom_typography_1-font-size);--awb-line-height:var(--awb-custom_typography_1-line-height);--awb-letter-spacing:var(--awb-custom_typography_1-letter-spacing);--awb-text-transform:var(--awb-custom_typography_1-text-transform);--awb-text-color:var(--awb-color5);--awb-margin-top:0px;--awb-margin-right:0px;--awb-margin-bottom:1.5rem;--awb-margin-left:0px;--awb-text-font-family:var(--awb-custom_typography_1-font-family);--awb-text-font-weight:var(--awb-custom_typography_1-font-weight);--awb-text-font-style:var(--awb-custom_typography_1-font-style);\"><p>More cooperation opportunities<\/p>\n<\/div><div class=\"fusion-title title fusion-title-3 fusion-sep-none fusion-title-text fusion-title-size-four\" style=\"--awb-margin-bottom:2rem;--awb-margin-top-small:10px;--awb-margin-right-small:0px;--awb-margin-bottom-small:10px;--awb-margin-left-small:0px;\"><h4 class=\"fusion-title-heading title-heading-left sm-text-align-center fusion-responsive-typography-calculated\" style=\"margin:0;--fontSize:18;line-height:var(--awb-typography3-line-height);\"><p>A job fair is not enough!<br \/>\nFind out how else we can work together!<\/p><\/h4><\/div><div class=\"sm-text-align-center\"><a class=\"fusion-button button-flat fusion-button-default-size button-default fusion-button-default button-2 fusion-button-default-span fusion-button-default-type\" target=\"_self\" href=\"https:\/\/kariery.uek.krakow.pl\/en\/employer-zone\/#wspolpraca\"><span class=\"fusion-button-text awb-button__text awb-button__text--default\">We look forward to working with you<\/span><i class=\"fa-arrow-right fas awb-button__icon awb-button__icon--default button-icon-right\" aria-hidden=\"true\"><\/i><\/a><\/div><\/div><\/div><div class=\"fusion-layout-column fusion_builder_column fusion-builder-column-3 fusion_builder_column_2_3 2_3 fusion-flex-column\" style=\"--awb-bg-size:cover;--awb-width-large:66.666666666667%;--awb-margin-top-large:0px;--awb-spacing-right-large:1rem;--awb-margin-bottom-large:2rem;--awb-spacing-left-large:1rem;--awb-width-medium:66.666666666667%;--awb-order-medium:0;--awb-spacing-right-medium:1rem;--awb-spacing-left-medium:1rem;--awb-width-small:100%;--awb-order-small:0;--awb-spacing-right-small:1rem;--awb-spacing-left-small:1rem;\"><div class=\"fusion-column-wrapper fusion-column-has-shadow fusion-flex-justify-content-flex-start fusion-content-layout-column\"><div class=\"fusion-text fusion-text-5 fusion-text-no-margin\" style=\"--awb-margin-top:0px;--awb-margin-right:0px;--awb-margin-bottom:20px;--awb-margin-left:0px;\"><p style=\"color: var(--awb-color5);\"><b style=\"font-size: 12px;\" data-fusion-font=\"true\">HOW TO JOIN?<\/b><\/p>\n<\/div><div class=\"fusion-title title fusion-title-4 fusion-sep-none fusion-title-text fusion-title-size-two\" style=\"--awb-text-color:var(--awb-color8);--awb-margin-top-small:10px;--awb-margin-right-small:0px;--awb-margin-bottom-small:10px;--awb-margin-left-small:0px;--awb-font-size:var(--awb-typography3-font-size);\"><h2 class=\"fusion-title-heading title-heading-left fusion-responsive-typography-calculated\" style=\"font-family:var(--awb-typography3-font-family);font-weight:var(--awb-typography3-font-weight);font-style:var(--awb-typography3-font-style);margin:0;letter-spacing:var(--awb-typography3-letter-spacing);text-transform:var(--awb-typography3-text-transform);font-size:1em;--fontSize:24;line-height:var(--awb-typography3-line-height);\">If you are interested in participating in cooperation at future editions of the Job Fair, please send a message to <a href=\"mailto:kariery@uek.krakow.pl\">kariery@uek.krakow.pl<\/a>.<\/h2><\/div><\/div><\/div><div class=\"fusion-layout-column fusion_builder_column fusion-builder-column-4 fusion_builder_column_2_3 2_3 fusion-flex-column\" style=\"--awb-bg-size:cover;--awb-width-large:66.666666666667%;--awb-margin-top-large:0px;--awb-spacing-right-large:1rem;--awb-margin-bottom-large:2rem;--awb-spacing-left-large:1rem;--awb-width-medium:66.666666666667%;--awb-order-medium:0;--awb-spacing-right-medium:1rem;--awb-spacing-left-medium:1rem;--awb-width-small:100%;--awb-order-small:0;--awb-spacing-right-small:1rem;--awb-spacing-left-small:1rem;\"><div class=\"fusion-column-wrapper fusion-column-has-shadow fusion-flex-justify-content-flex-start fusion-content-layout-column\"><div class=\"fusion-title title fusion-title-5 fusion-sep-none fusion-title-text fusion-title-size-two\" style=\"--awb-margin-top-small:10px;--awb-margin-right-small:0px;--awb-margin-bottom-small:10px;--awb-margin-left-small:0px;--awb-font-size:var(--awb-typography3-font-size);\"><h2 class=\"fusion-title-heading title-heading-left fusion-responsive-typography-calculated\" style=\"font-family:var(--awb-typography3-font-family);font-weight:var(--awb-typography3-font-weight);font-style:var(--awb-typography3-font-style);margin:0;letter-spacing:var(--awb-typography3-letter-spacing);text-transform:var(--awb-typography3-text-transform);font-size:1em;--fontSize:24;line-height:var(--awb-typography3-line-height);\"><div><\/div>\n<p>Previous editions<\/h2><\/div><div class=\"fusion-text fusion-text-6 fusion-text-no-margin\" style=\"--awb-margin-top:0px;--awb-margin-right:0px;--awb-margin-bottom:5vh;--awb-margin-left:0px;\"><p>We also encourage you to view the photo and video coverage from <a href=\"https:\/\/kariery.uek.krakow.pl\/en\/xxiv-targi-pracy-uek-przyciagnely-tlumy\/\" target=\"_blank\" rel=\"noopener noreferrer\">last year&#8217;s KUE Job Fair.<\/a> The event is organized by the KUE Student Career Center and the Krakow University of Economics Foundation. If you have any questions, please do not hesitate to contact us.<\/p>\n<p>Student Career Centre KUE<\/p>\n<p><a href=\"mailto:kariery@uek.krakow.pl\"><u><span style=\"color: var(--awb-color7);\">kariery@uek.krakow.pl<\/span><\/u><\/a><br \/>\ntel. 012 293 53 52<br \/>\ntel. 012 293 54 75<\/p>\n<\/div><\/div><\/div><div class=\"fusion-layout-column fusion_builder_column fusion-builder-column-5 fusion_builder_column_2_3 2_3 fusion-flex-column\" style=\"--awb-bg-size:cover;--awb-width-large:66.666666666667%;--awb-margin-top-large:0px;--awb-spacing-right-large:1rem;--awb-margin-bottom-large:2rem;--awb-spacing-left-large:1rem;--awb-width-medium:66.666666666667%;--awb-order-medium:0;--awb-spacing-right-medium:1rem;--awb-spacing-left-medium:1rem;--awb-width-small:100%;--awb-order-small:0;--awb-spacing-right-small:1rem;--awb-spacing-left-small:1rem;\"><div class=\"fusion-column-wrapper fusion-column-has-shadow fusion-flex-justify-content-flex-start fusion-content-layout-column\"><div class=\"fusion-title title fusion-title-6 fusion-sep-none fusion-title-text fusion-title-size-two\" style=\"--awb-margin-top-small:10px;--awb-margin-right-small:0px;--awb-margin-bottom-small:10px;--awb-margin-left-small:0px;--awb-font-size:var(--awb-typography3-font-size);\"><h2 class=\"fusion-title-heading title-heading-left fusion-responsive-typography-calculated\" style=\"font-family:var(--awb-typography3-font-family);font-weight:var(--awb-typography3-font-weight);font-style:var(--awb-typography3-font-style);margin:0;letter-spacing:var(--awb-typography3-letter-spacing);text-transform:var(--awb-typography3-text-transform);font-size:1em;--fontSize:24;line-height:var(--awb-typography3-line-height);\"><div><\/div>\n<p>Documents to download<\/h2><\/div><ul style=\"--awb-line-height:27.2px;--awb-icon-width:27.2px;--awb-icon-height:27.2px;--awb-icon-margin:11.2px;--awb-content-margin:38.4px;\" class=\"fusion-checklist fusion-checklist-1 fusion-checklist-default type-icons\"><li class=\"fusion-li-item\" style=\"\"><span class=\"icon-wrapper circle-no\"><i class=\"fusion-li-icon fa-file fas\" aria-hidden=\"true\"><\/i><\/span><div class=\"fusion-li-item-content\">\n<p><a href=\"https:\/\/kariery.uek.krakow.pl\/wp-content\/uploads\/2025\/05\/Regulamin-TP-UEK-jesien-2025.pdf\" target=\"_blank\" rel=\"noopener\" download=\"Regulamin TP UEK 2026\">Rules and regulations of KUE Job Fair<\/a><\/p>\n<\/div><\/li><\/ul><\/div><\/div><\/div><\/div><div class=\"fusion-fullwidth fullwidth-box fusion-builder-row-3 fusion-flex-container has-pattern-background has-mask-background nonhundred-percent-fullwidth non-hundred-percent-height-scrolling\" style=\"--awb-border-radius-top-left:0px;--awb-border-radius-top-right:0px;--awb-border-radius-bottom-right:0px;--awb-border-radius-bottom-left:0px;--awb-padding-top:0px;--awb-padding-bottom:5vh;--awb-flex-wrap:wrap;\" ><div class=\"fusion-builder-row fusion-row fusion-flex-align-items-flex-start fusion-flex-content-wrap\" style=\"max-width:calc( 1400px + 0px );margin-left: calc(-0px \/ 2 );margin-right: calc(-0px \/ 2 );\"><div class=\"fusion-layout-column fusion_builder_column fusion-builder-column-6 fusion_builder_column_1_1 1_1 fusion-flex-column\" style=\"--awb-bg-size:cover;--awb-width-large:100%;--awb-margin-top-large:0px;--awb-spacing-right-large:0px;--awb-margin-bottom-large:0px;--awb-spacing-left-large:0px;--awb-width-medium:100%;--awb-order-medium:0;--awb-spacing-right-medium:0px;--awb-spacing-left-medium:0px;--awb-width-small:100%;--awb-order-small:0;--awb-spacing-right-small:0px;--awb-spacing-left-small:0px;\"><div class=\"fusion-column-wrapper fusion-column-has-shadow fusion-flex-justify-content-flex-start fusion-content-layout-column\"><div class=\"fusion-title title fusion-title-7 fusion-sep-none fusion-title-center fusion-title-text fusion-title-size-two\" style=\"--awb-margin-top:0px;--awb-margin-bottom:1.25rem;--awb-margin-top-small:10px;--awb-margin-right-small:0px;--awb-margin-bottom-small:10px;--awb-margin-left-small:0px;\"><h2 class=\"fusion-title-heading title-heading-center fusion-responsive-typography-calculated\" style=\"margin:0;--fontSize:32;line-height:var(--awb-typography2-line-height);\">Previous editions<\/h2><\/div><div class=\"fusion-text fusion-text-7 fusion-text-no-margin\" style=\"--awb-content-alignment:center;--awb-margin-top:0px;--awb-margin-right:0px;--awb-margin-bottom:0px;--awb-margin-left:0px;\"><p>See what past editions of the KUE Job Fair looked like.<\/p>\n<\/div><\/div><\/div><\/div><\/div><div class=\"fusion-fullwidth fullwidth-box fusion-builder-row-4 fusion-flex-container has-pattern-background has-mask-background nonhundred-percent-fullwidth non-hundred-percent-height-scrolling\" style=\"--awb-border-radius-top-left:0px;--awb-border-radius-top-right:0px;--awb-border-radius-bottom-right:0px;--awb-border-radius-bottom-left:0px;--awb-margin-bottom:10vh;--awb-flex-wrap:wrap;\" ><div class=\"fusion-builder-row fusion-row fusion-flex-align-items-flex-start fusion-flex-content-wrap\" style=\"max-width:calc( 1400px + 1.5rem );margin-left: calc(-1.5rem \/ 2 );margin-right: calc(-1.5rem \/ 2 );\"><div class=\"fusion-layout-column fusion_builder_column fusion-builder-column-7 fusion_builder_column_1_3 1_3 fusion-flex-column fusion-flex-align-self-stretch fusion-column-inner-bg-wrapper\" style=\"--awb-padding-top:1.5rem;--awb-padding-right:1.5rem;--awb-padding-bottom:1.5rem;--awb-padding-left:1.5rem;--awb-overflow:hidden;--awb-inner-bg-color:var(--awb-color1);--awb-inner-bg-color-hover:var(--awb-color1);--awb-inner-bg-size:cover;--awb-border-color:var(--awb-custom_color_1);--awb-border-top:1px;--awb-border-right:1px;--awb-border-bottom:1px;--awb-border-left:1px;--awb-border-style:solid;--awb-border-radius:8px 8px 8px 8px;--awb-inner-bg-border-radius:8px 8px 8px 8px;--awb-inner-bg-overflow:hidden;--awb-width-large:33.333333333333%;--awb-margin-top-large:0px;--awb-spacing-right-large:0.75rem;--awb-margin-bottom-large:0px;--awb-spacing-left-large:0.75rem;--awb-width-medium:33.333333333333%;--awb-order-medium:0;--awb-spacing-right-medium:0.75rem;--awb-spacing-left-medium:0.75rem;--awb-width-small:100%;--awb-order-small:0;--awb-spacing-right-small:0.75rem;--awb-spacing-left-small:0.75rem;\" data-scroll-devices=\"small-visibility,medium-visibility,large-visibility\"><span class=\"fusion-column-inner-bg hover-type-none\"><a class=\"fusion-column-anchor\" href=\"https:\/\/kariery.uek.krakow.pl\/targi-pracy-uek-relacje-z-wydarzen\/xxiv-targi-pracy-uek-2025-jesien\/\"><span class=\"fusion-column-inner-bg-image\"><\/span><\/a><\/span><div class=\"fusion-column-wrapper fusion-column-has-shadow fusion-flex-justify-content-flex-start fusion-content-layout-column\"><div class=\"fusion-image-element \" style=\"--awb-aspect-ratio:3 \/ 2;--awb-margin-top:0px;--awb-margin-right:0px;--awb-margin-bottom:1.5rem;--awb-margin-left:0px;--awb-caption-title-font-family:var(--h2_typography-font-family);--awb-caption-title-font-weight:var(--h2_typography-font-weight);--awb-caption-title-font-style:var(--h2_typography-font-style);--awb-caption-title-size:var(--h2_typography-font-size);--awb-caption-title-transform:var(--h2_typography-text-transform);--awb-caption-title-line-height:var(--h2_typography-line-height);--awb-caption-title-letter-spacing:var(--h2_typography-letter-spacing);\"><span class=\" fusion-imageframe imageframe-none imageframe-1 hover-type-none has-aspect-ratio\" style=\"border-radius:4px;\"><img decoding=\"async\" width=\"2560\" height=\"1709\" title=\"PM_0423\" src=\"https:\/\/kariery.uek.krakow.pl\/wp-content\/uploads\/2025\/10\/PM_0423-1-scaled.jpg\" class=\"img-responsive wp-image-19825 img-with-aspect-ratio\" data-parent-fit=\"cover\" data-parent-container=\".fusion-image-element\" alt srcset=\"https:\/\/kariery.uek.krakow.pl\/wp-content\/uploads\/2025\/10\/PM_0423-1-200x134.jpg 200w, https:\/\/kariery.uek.krakow.pl\/wp-content\/uploads\/2025\/10\/PM_0423-1-400x267.jpg 400w, https:\/\/kariery.uek.krakow.pl\/wp-content\/uploads\/2025\/10\/PM_0423-1-600x401.jpg 600w, https:\/\/kariery.uek.krakow.pl\/wp-content\/uploads\/2025\/10\/PM_0423-1-800x534.jpg 800w, https:\/\/kariery.uek.krakow.pl\/wp-content\/uploads\/2025\/10\/PM_0423-1-1200x801.jpg 1200w, https:\/\/kariery.uek.krakow.pl\/wp-content\/uploads\/2025\/10\/PM_0423-1-scaled.jpg 2560w\" sizes=\"(max-width: 640px) 100vw, 600px\" \/><\/span><\/div><div class=\"fusion-title title fusion-title-8 fusion-sep-none fusion-title-text fusion-title-size-three\" style=\"--awb-text-color:#000000;--awb-margin-top:0px;--awb-margin-bottom:0.75rem;--awb-margin-top-small:10px;--awb-margin-right-small:0px;--awb-margin-bottom-small:10px;--awb-margin-left-small:0px;--awb-font-size:1.25rem;\"><h3 class=\"fusion-title-heading title-heading-left fusion-responsive-typography-calculated\" style=\"margin:0;font-size:1em;--fontSize:20;line-height:var(--awb-typography3-line-height);\">KUE Job Fair 2025 &#8211; Autumn<\/h3><\/div><div class=\"fusion-text fusion-text-8 fusion-text-no-margin\" style=\"--awb-content-alignment:left;--awb-font-size:12px;--awb-line-height:var(--awb-typography5-line-height);--awb-letter-spacing:var(--awb-typography5-letter-spacing);--awb-text-transform:var(--awb-typography5-text-transform);--awb-text-color:rgba(0,0,0,0.5);--awb-margin-top:0px;--awb-margin-right:0px;--awb-margin-bottom:1rem;--awb-margin-left:0px;--awb-text-font-family:var(--awb-typography5-font-family);--awb-text-font-weight:var(--awb-typography5-font-weight);--awb-text-font-style:var(--awb-typography5-font-style);\"><p>16th October 2025.<\/p>\n<\/div><div class=\"fusion-text fusion-text-9 fusion-text-no-margin zajawka-ack\" style=\"--awb-content-alignment:left;--awb-font-size:var(--awb-typography5-font-size);--awb-line-height:var(--awb-typography5-line-height);--awb-letter-spacing:var(--awb-typography5-letter-spacing);--awb-text-transform:var(--awb-typography5-text-transform);--awb-text-color:rgba(0,0,0,0.8);--awb-margin-top:0px;--awb-margin-right:0px;--awb-margin-bottom:1.5rem;--awb-margin-left:0px;--awb-text-font-family:var(--awb-typography5-font-family);--awb-text-font-weight:var(--awb-typography5-font-weight);--awb-text-font-style:var(--awb-typography5-font-style);\"><p>On October 16, 2025, the 24th KUE Job Fair took place in the Sports and Educational Pavilion of the Krakow University of Economics. As usual, crowds of students and graduates attended the event.<\/p>\n<\/div><div class=\"fusion-separator fusion-full-width-sep\" style=\"align-self: center;margin-left: auto;margin-right: auto;flex-grow:1;margin-top:0px;margin-bottom:0px;width:100%;\"><\/div><div style=\"text-align:left;\"><a class=\"fusion-button button-flat fusion-button-default-size button-custom fusion-button-default button-3 fusion-button-default-span fusion-button-default-type\" style=\"--button_accent_color:#000000;--button_border_color:var(--awb-color5);--button_accent_hover_color:var(--awb-color5);--button_border_hover_color:var(--awb-color5);--button_border_width-top:0;--button_border_width-right:0;--button_border_width-bottom:2px;--button_border_width-left:0;--button-border-radius-top-left:0;--button-border-radius-top-right:0;--button-border-radius-bottom-right:0;--button-border-radius-bottom-left:0;--button_gradient_top_color:rgba(0,0,0,0);--button_gradient_bottom_color:rgba(0,0,0,0);--button_gradient_top_color_hover:rgba(0,0,0,0);--button_gradient_bottom_color_hover:rgba(0,0,0,0);--button_text_transform:var(--awb-custom_typography_1-text-transform);--button_font_size:var(--awb-custom_typography_1-font-size);--button_line_height:var(--awb-custom_typography_1-line-height);--button_padding-top:0px;--button_padding-right:0px;--button_padding-bottom:2px;--button_padding-left:0px;--button_typography-letter-spacing:var(--awb-custom_typography_1-letter-spacing);--button_typography-font-family:var(--awb-custom_typography_1-font-family);--button_typography-font-weight:var(--awb-custom_typography_1-font-weight);--button_typography-font-style:var(--awb-custom_typography_1-font-style);--button_margin-top:0px;--button_margin-right:0px;--button_margin-bottom:0px;--button_margin-left:0px;\" target=\"_self\" href=\"https:\/\/kariery.uek.krakow.pl\/targi-pracy-uek-relacje-https:\/\/kariery.uek.krakow.pl\/targi-pracy-uek-relacje-z-wydarzen\/xxiv-targi-pracy-uek-2025-jesien\/\"><span class=\"fusion-button-text awb-button__text awb-button__text--default\">Read more<\/span><\/a><\/div><\/div><\/div><div class=\"fusion-layout-column fusion_builder_column fusion-builder-column-8 fusion_builder_column_1_3 1_3 fusion-flex-column fusion-flex-align-self-stretch fusion-column-inner-bg-wrapper\" style=\"--awb-padding-top:1.5rem;--awb-padding-right:1.5rem;--awb-padding-bottom:1.5rem;--awb-padding-left:1.5rem;--awb-overflow:hidden;--awb-inner-bg-color:var(--awb-color1);--awb-inner-bg-color-hover:var(--awb-color1);--awb-inner-bg-size:cover;--awb-border-color:var(--awb-custom_color_1);--awb-border-top:1px;--awb-border-right:1px;--awb-border-bottom:1px;--awb-border-left:1px;--awb-border-style:solid;--awb-border-radius:8px 8px 8px 8px;--awb-inner-bg-border-radius:8px 8px 8px 8px;--awb-inner-bg-overflow:hidden;--awb-width-large:33.333333333333%;--awb-margin-top-large:0px;--awb-spacing-right-large:0.75rem;--awb-margin-bottom-large:0px;--awb-spacing-left-large:0.75rem;--awb-width-medium:33.333333333333%;--awb-order-medium:0;--awb-spacing-right-medium:0.75rem;--awb-spacing-left-medium:0.75rem;--awb-width-small:100%;--awb-order-small:0;--awb-spacing-right-small:0.75rem;--awb-spacing-left-small:0.75rem;\" data-scroll-devices=\"small-visibility,medium-visibility,large-visibility\"><span class=\"fusion-column-inner-bg hover-type-none\"><a class=\"fusion-column-anchor\" href=\"https:\/\/kariery.uek.krakow.pl\/en\/kue-job-fair-reports-from-events\/xxiii-kue-job-fair-2025-spring\/\"><span class=\"fusion-column-inner-bg-image\"><\/span><\/a><\/span><div class=\"fusion-column-wrapper fusion-column-has-shadow fusion-flex-justify-content-flex-start fusion-content-layout-column\"><div class=\"fusion-image-element \" style=\"--awb-aspect-ratio:3 \/ 2;--awb-margin-top:0px;--awb-margin-right:0px;--awb-margin-bottom:1.5rem;--awb-margin-left:0px;--awb-caption-title-font-family:var(--h2_typography-font-family);--awb-caption-title-font-weight:var(--h2_typography-font-weight);--awb-caption-title-font-style:var(--h2_typography-font-style);--awb-caption-title-size:var(--h2_typography-font-size);--awb-caption-title-transform:var(--h2_typography-text-transform);--awb-caption-title-line-height:var(--h2_typography-line-height);--awb-caption-title-letter-spacing:var(--h2_typography-letter-spacing);\"><span class=\" fusion-imageframe imageframe-none imageframe-2 hover-type-none has-aspect-ratio\" style=\"border-radius:4px;\"><img decoding=\"async\" width=\"2560\" height=\"1703\" title=\"PM_0327\" src=\"https:\/\/kariery.uek.krakow.pl\/wp-content\/uploads\/2025\/03\/PM_0327-1-scaled.jpg\" class=\"img-responsive wp-image-16300 img-with-aspect-ratio\" data-parent-fit=\"cover\" data-parent-container=\".fusion-image-element\" alt srcset=\"https:\/\/kariery.uek.krakow.pl\/wp-content\/uploads\/2025\/03\/PM_0327-1-200x133.jpg 200w, https:\/\/kariery.uek.krakow.pl\/wp-content\/uploads\/2025\/03\/PM_0327-1-400x266.jpg 400w, https:\/\/kariery.uek.krakow.pl\/wp-content\/uploads\/2025\/03\/PM_0327-1-600x399.jpg 600w, https:\/\/kariery.uek.krakow.pl\/wp-content\/uploads\/2025\/03\/PM_0327-1-800x532.jpg 800w, https:\/\/kariery.uek.krakow.pl\/wp-content\/uploads\/2025\/03\/PM_0327-1-1200x798.jpg 1200w, https:\/\/kariery.uek.krakow.pl\/wp-content\/uploads\/2025\/03\/PM_0327-1-scaled.jpg 2560w\" sizes=\"(max-width: 640px) 100vw, 600px\" \/><\/span><\/div><div class=\"fusion-title title fusion-title-9 fusion-sep-none fusion-title-text fusion-title-size-three\" style=\"--awb-text-color:#000000;--awb-margin-top:0px;--awb-margin-bottom:0.75rem;--awb-margin-top-small:10px;--awb-margin-right-small:0px;--awb-margin-bottom-small:10px;--awb-margin-left-small:0px;--awb-font-size:1.25rem;\"><h3 class=\"fusion-title-heading title-heading-left fusion-responsive-typography-calculated\" style=\"margin:0;font-size:1em;--fontSize:20;line-height:var(--awb-typography3-line-height);\">KUE Job Fair 2025 &#8211; Spring<\/h3><\/div><div class=\"fusion-text fusion-text-10 fusion-text-no-margin\" style=\"--awb-content-alignment:left;--awb-font-size:12px;--awb-line-height:var(--awb-typography5-line-height);--awb-letter-spacing:var(--awb-typography5-letter-spacing);--awb-text-transform:var(--awb-typography5-text-transform);--awb-text-color:rgba(0,0,0,0.5);--awb-margin-top:0px;--awb-margin-right:0px;--awb-margin-bottom:1rem;--awb-margin-left:0px;--awb-text-font-family:var(--awb-typography5-font-family);--awb-text-font-weight:var(--awb-typography5-font-weight);--awb-text-font-style:var(--awb-typography5-font-style);\"><p>4 March 2025<\/p>\n<\/div><div class=\"fusion-text fusion-text-11 fusion-text-no-margin zajawka-ack\" style=\"--awb-content-alignment:left;--awb-font-size:var(--awb-typography5-font-size);--awb-line-height:var(--awb-typography5-line-height);--awb-letter-spacing:var(--awb-typography5-letter-spacing);--awb-text-transform:var(--awb-typography5-text-transform);--awb-text-color:rgba(0,0,0,0.8);--awb-margin-top:0px;--awb-margin-right:0px;--awb-margin-bottom:1.5rem;--awb-margin-left:0px;--awb-text-font-family:var(--awb-typography5-font-family);--awb-text-font-weight:var(--awb-typography5-font-weight);--awb-text-font-style:var(--awb-typography5-font-style);\"><p>On March 4, 2025, the 23rd KUE Job Fair took place in the Sports and Educational Pavilion of the Krakow University of Economics.<\/p>\n<\/div><div class=\"fusion-separator fusion-full-width-sep\" style=\"align-self: center;margin-left: auto;margin-right: auto;flex-grow:1;margin-top:0px;margin-bottom:0px;width:100%;\"><\/div><div style=\"text-align:left;\"><a class=\"fusion-button button-flat fusion-button-default-size button-custom fusion-button-default button-4 fusion-button-default-span fusion-button-default-type\" style=\"--button_accent_color:#000000;--button_border_color:var(--awb-color5);--button_accent_hover_color:var(--awb-color5);--button_border_hover_color:var(--awb-color5);--button_border_width-top:0;--button_border_width-right:0;--button_border_width-bottom:2px;--button_border_width-left:0;--button-border-radius-top-left:0;--button-border-radius-top-right:0;--button-border-radius-bottom-right:0;--button-border-radius-bottom-left:0;--button_gradient_top_color:rgba(0,0,0,0);--button_gradient_bottom_color:rgba(0,0,0,0);--button_gradient_top_color_hover:rgba(0,0,0,0);--button_gradient_bottom_color_hover:rgba(0,0,0,0);--button_text_transform:var(--awb-custom_typography_1-text-transform);--button_font_size:var(--awb-custom_typography_1-font-size);--button_line_height:var(--awb-custom_typography_1-line-height);--button_padding-top:0px;--button_padding-right:0px;--button_padding-bottom:2px;--button_padding-left:0px;--button_typography-letter-spacing:var(--awb-custom_typography_1-letter-spacing);--button_typography-font-family:var(--awb-custom_typography_1-font-family);--button_typography-font-weight:var(--awb-custom_typography_1-font-weight);--button_typography-font-style:var(--awb-custom_typography_1-font-style);--button_margin-top:0px;--button_margin-right:0px;--button_margin-bottom:0px;--button_margin-left:0px;\" target=\"_self\" href=\"https:\/\/kariery.uek.krakow.pl\/en\/kue-job-fair-reports-from-events\/xxiii-kue-job-fair-2025-spring\/\"><span class=\"fusion-button-text awb-button__text awb-button__text--default\">Read more<\/span><\/a><\/div><\/div><\/div><div class=\"fusion-layout-column fusion_builder_column fusion-builder-column-9 fusion_builder_column_1_3 1_3 fusion-flex-column fusion-flex-align-self-stretch fusion-column-inner-bg-wrapper\" style=\"--awb-padding-top:1.5rem;--awb-padding-right:1.5rem;--awb-padding-bottom:1.5rem;--awb-padding-left:1.5rem;--awb-overflow:hidden;--awb-inner-bg-color:var(--awb-color1);--awb-inner-bg-color-hover:var(--awb-color1);--awb-inner-bg-size:cover;--awb-border-color:var(--awb-custom_color_1);--awb-border-top:1px;--awb-border-right:1px;--awb-border-bottom:1px;--awb-border-left:1px;--awb-border-style:solid;--awb-border-radius:8px 8px 8px 8px;--awb-inner-bg-border-radius:8px 8px 8px 8px;--awb-inner-bg-overflow:hidden;--awb-width-large:33.333333333333%;--awb-margin-top-large:0px;--awb-spacing-right-large:0.75rem;--awb-margin-bottom-large:0px;--awb-spacing-left-large:0.75rem;--awb-width-medium:33.333333333333%;--awb-order-medium:0;--awb-spacing-right-medium:0.75rem;--awb-spacing-left-medium:0.75rem;--awb-width-small:100%;--awb-order-small:0;--awb-spacing-right-small:0.75rem;--awb-spacing-left-small:0.75rem;\" data-scroll-devices=\"small-visibility,medium-visibility,large-visibility\"><span class=\"fusion-column-inner-bg hover-type-none\"><a class=\"fusion-column-anchor\" href=\"https:\/\/kariery.uek.krakow.pl\/en\/kue-job-fair-reports-from-events\/xxii-targi-pracy-uek-2024-jesien\/\"><span class=\"fusion-column-inner-bg-image\"><\/span><\/a><\/span><div class=\"fusion-column-wrapper fusion-column-has-shadow fusion-flex-justify-content-flex-start fusion-content-layout-column\"><div class=\"fusion-image-element \" style=\"--awb-aspect-ratio:3 \/ 2;--awb-object-position:24% 50%;--awb-margin-top:0px;--awb-margin-right:0px;--awb-margin-bottom:1.5rem;--awb-margin-left:0px;--awb-caption-title-font-family:var(--h2_typography-font-family);--awb-caption-title-font-weight:var(--h2_typography-font-weight);--awb-caption-title-font-style:var(--h2_typography-font-style);--awb-caption-title-size:var(--h2_typography-font-size);--awb-caption-title-transform:var(--h2_typography-text-transform);--awb-caption-title-line-height:var(--h2_typography-line-height);--awb-caption-title-letter-spacing:var(--h2_typography-letter-spacing);\"><span class=\" fusion-imageframe imageframe-none imageframe-3 hover-type-none has-aspect-ratio\" style=\"border-radius:4px;\"><img decoding=\"async\" width=\"2560\" height=\"1709\" title=\"PM_0279\" src=\"https:\/\/kariery.uek.krakow.pl\/wp-content\/uploads\/2024\/10\/PM_0279-scaled.jpg\" class=\"img-responsive wp-image-12915 img-with-aspect-ratio\" data-parent-fit=\"cover\" data-parent-container=\".fusion-image-element\" alt srcset=\"https:\/\/kariery.uek.krakow.pl\/wp-content\/uploads\/2024\/10\/PM_0279-200x134.jpg 200w, https:\/\/kariery.uek.krakow.pl\/wp-content\/uploads\/2024\/10\/PM_0279-400x267.jpg 400w, https:\/\/kariery.uek.krakow.pl\/wp-content\/uploads\/2024\/10\/PM_0279-600x401.jpg 600w, https:\/\/kariery.uek.krakow.pl\/wp-content\/uploads\/2024\/10\/PM_0279-800x534.jpg 800w, https:\/\/kariery.uek.krakow.pl\/wp-content\/uploads\/2024\/10\/PM_0279-1200x801.jpg 1200w, https:\/\/kariery.uek.krakow.pl\/wp-content\/uploads\/2024\/10\/PM_0279-scaled.jpg 2560w\" sizes=\"(max-width: 640px) 100vw, 600px\" \/><\/span><\/div><div class=\"fusion-title title fusion-title-10 fusion-sep-none fusion-title-text fusion-title-size-three\" style=\"--awb-text-color:#000000;--awb-margin-top:0px;--awb-margin-bottom:0.75rem;--awb-margin-top-small:10px;--awb-margin-right-small:0px;--awb-margin-bottom-small:10px;--awb-margin-left-small:0px;--awb-font-size:1.25rem;\"><h3 class=\"fusion-title-heading title-heading-left fusion-responsive-typography-calculated\" style=\"margin:0;font-size:1em;--fontSize:20;line-height:var(--awb-typography3-line-height);\">KUE Job Fair 2024 &#8211; Autumn<\/h3><\/div><div class=\"fusion-text fusion-text-12 fusion-text-no-margin\" style=\"--awb-content-alignment:left;--awb-font-size:12px;--awb-line-height:var(--awb-typography5-line-height);--awb-letter-spacing:var(--awb-typography5-letter-spacing);--awb-text-transform:var(--awb-typography5-text-transform);--awb-text-color:rgba(0,0,0,0.5);--awb-margin-top:0px;--awb-margin-right:0px;--awb-margin-bottom:1rem;--awb-margin-left:0px;--awb-text-font-family:var(--awb-typography5-font-family);--awb-text-font-weight:var(--awb-typography5-font-weight);--awb-text-font-style:var(--awb-typography5-font-style);\"><p>10 October 2024 r.<\/p>\n<\/div><div class=\"fusion-text fusion-text-13 fusion-text-no-margin zajawka-ack\" style=\"--awb-content-alignment:left;--awb-font-size:var(--awb-typography5-font-size);--awb-line-height:var(--awb-typography5-line-height);--awb-letter-spacing:var(--awb-typography5-letter-spacing);--awb-text-transform:var(--awb-typography5-text-transform);--awb-text-color:rgba(0,0,0,0.8);--awb-margin-top:0px;--awb-margin-right:0px;--awb-margin-bottom:1.5rem;--awb-margin-left:0px;--awb-text-font-family:var(--awb-typography5-font-family);--awb-text-font-weight:var(--awb-typography5-font-weight);--awb-text-font-style:var(--awb-typography5-font-style);\"><p>On October 10, 2024, the 22nd CUE Job Fair took place in the Sports and Didactic Pavilion of the Krakow University of Economics. This year&#8217;s autumn edition was very popular among students and graduates.<\/p>\n<\/div><div class=\"fusion-separator fusion-full-width-sep\" style=\"align-self: center;margin-left: auto;margin-right: auto;flex-grow:1;margin-top:0px;margin-bottom:0px;width:100%;\"><\/div><div style=\"text-align:left;\"><a class=\"fusion-button button-flat fusion-button-default-size button-custom fusion-button-default button-5 fusion-button-default-span fusion-button-default-type\" style=\"--button_accent_color:#000000;--button_border_color:var(--awb-color5);--button_accent_hover_color:var(--awb-color5);--button_border_hover_color:var(--awb-color5);--button_border_width-top:0;--button_border_width-right:0;--button_border_width-bottom:2px;--button_border_width-left:0;--button-border-radius-top-left:0;--button-border-radius-top-right:0;--button-border-radius-bottom-right:0;--button-border-radius-bottom-left:0;--button_gradient_top_color:rgba(0,0,0,0);--button_gradient_bottom_color:rgba(0,0,0,0);--button_gradient_top_color_hover:rgba(0,0,0,0);--button_gradient_bottom_color_hover:rgba(0,0,0,0);--button_text_transform:var(--awb-custom_typography_1-text-transform);--button_font_size:var(--awb-custom_typography_1-font-size);--button_line_height:var(--awb-custom_typography_1-line-height);--button_padding-top:0px;--button_padding-right:0px;--button_padding-bottom:2px;--button_padding-left:0px;--button_typography-letter-spacing:var(--awb-custom_typography_1-letter-spacing);--button_typography-font-family:var(--awb-custom_typography_1-font-family);--button_typography-font-weight:var(--awb-custom_typography_1-font-weight);--button_typography-font-style:var(--awb-custom_typography_1-font-style);--button_margin-top:0px;--button_margin-right:0px;--button_margin-bottom:0px;--button_margin-left:0px;\" target=\"_blank\" rel=\"noopener noreferrer\" href=\"https:\/\/kariery.uek.krakow.pl\/en\/kue-job-fair-reports-from-events\/xxi-targi-pracy-uek-2024-wiosna\/\"><span class=\"fusion-button-text awb-button__text awb-button__text--default\">Read more<\/span><\/a><\/div><\/div><\/div><div class=\"fusion-layout-column fusion_builder_column fusion-builder-column-10 fusion_builder_column_1_3 1_3 fusion-flex-column fusion-flex-align-self-stretch fusion-column-inner-bg-wrapper\" style=\"--awb-padding-top:1.5rem;--awb-padding-right:1.5rem;--awb-padding-bottom:1.5rem;--awb-padding-left:1.5rem;--awb-overflow:hidden;--awb-inner-bg-color:var(--awb-color1);--awb-inner-bg-color-hover:var(--awb-color1);--awb-inner-bg-size:cover;--awb-border-color:var(--awb-custom_color_1);--awb-border-top:1px;--awb-border-right:1px;--awb-border-bottom:1px;--awb-border-left:1px;--awb-border-style:solid;--awb-border-radius:8px 8px 8px 8px;--awb-inner-bg-border-radius:8px 8px 8px 8px;--awb-inner-bg-overflow:hidden;--awb-width-large:33.333333333333%;--awb-margin-top-large:0px;--awb-spacing-right-large:0.75rem;--awb-margin-bottom-large:0px;--awb-spacing-left-large:0.75rem;--awb-width-medium:33.333333333333%;--awb-order-medium:0;--awb-spacing-right-medium:0.75rem;--awb-spacing-left-medium:0.75rem;--awb-width-small:100%;--awb-order-small:0;--awb-spacing-right-small:0.75rem;--awb-spacing-left-small:0.75rem;\" data-scroll-devices=\"small-visibility,medium-visibility,large-visibility\"><span class=\"fusion-column-inner-bg hover-type-none\"><a class=\"fusion-column-anchor\" href=\"https:\/\/kariery.uek.krakow.pl\/en\/kue-job-fair-reports-from-events\/xxi-targi-pracy-uek-2024-wiosna\/\"><span class=\"fusion-column-inner-bg-image\"><\/span><\/a><\/span><div class=\"fusion-column-wrapper fusion-column-has-shadow fusion-flex-justify-content-flex-start fusion-content-layout-column\"><div class=\"fusion-image-element \" style=\"--awb-aspect-ratio:3 \/ 2;--awb-object-position:24% 50%;--awb-margin-top:0px;--awb-margin-right:0px;--awb-margin-bottom:1.5rem;--awb-margin-left:0px;--awb-caption-title-font-family:var(--h2_typography-font-family);--awb-caption-title-font-weight:var(--h2_typography-font-weight);--awb-caption-title-font-style:var(--h2_typography-font-style);--awb-caption-title-size:var(--h2_typography-font-size);--awb-caption-title-transform:var(--h2_typography-text-transform);--awb-caption-title-line-height:var(--h2_typography-line-height);--awb-caption-title-letter-spacing:var(--h2_typography-letter-spacing);\"><span class=\" fusion-imageframe imageframe-none imageframe-4 hover-type-none has-aspect-ratio\" style=\"border-radius:4px;\"><img decoding=\"async\" width=\"2560\" height=\"1703\" title=\"PM_0297\" src=\"https:\/\/kariery.uek.krakow.pl\/wp-content\/uploads\/2024\/03\/PM_0297-scaled.jpg\" class=\"img-responsive wp-image-8346 img-with-aspect-ratio\" data-parent-fit=\"cover\" data-parent-container=\".fusion-image-element\" alt srcset=\"https:\/\/kariery.uek.krakow.pl\/wp-content\/uploads\/2024\/03\/PM_0297-200x133.jpg 200w, https:\/\/kariery.uek.krakow.pl\/wp-content\/uploads\/2024\/03\/PM_0297-400x266.jpg 400w, https:\/\/kariery.uek.krakow.pl\/wp-content\/uploads\/2024\/03\/PM_0297-600x399.jpg 600w, https:\/\/kariery.uek.krakow.pl\/wp-content\/uploads\/2024\/03\/PM_0297-800x532.jpg 800w, https:\/\/kariery.uek.krakow.pl\/wp-content\/uploads\/2024\/03\/PM_0297-1200x798.jpg 1200w, https:\/\/kariery.uek.krakow.pl\/wp-content\/uploads\/2024\/03\/PM_0297-scaled.jpg 2560w\" sizes=\"(max-width: 640px) 100vw, 600px\" \/><\/span><\/div><div class=\"fusion-title title fusion-title-11 fusion-sep-none fusion-title-text fusion-title-size-three\" style=\"--awb-text-color:#000000;--awb-margin-top:0px;--awb-margin-bottom:0.75rem;--awb-margin-top-small:10px;--awb-margin-right-small:0px;--awb-margin-bottom-small:10px;--awb-margin-left-small:0px;--awb-font-size:1.25rem;\"><h3 class=\"fusion-title-heading title-heading-left fusion-responsive-typography-calculated\" style=\"margin:0;font-size:1em;--fontSize:20;line-height:var(--awb-typography3-line-height);\">KUE Job Fair 2024 &#8211; Spring<\/h3><\/div><div class=\"fusion-text fusion-text-14 fusion-text-no-margin\" style=\"--awb-content-alignment:left;--awb-font-size:12px;--awb-line-height:var(--awb-typography5-line-height);--awb-letter-spacing:var(--awb-typography5-letter-spacing);--awb-text-transform:var(--awb-typography5-text-transform);--awb-text-color:rgba(0,0,0,0.5);--awb-margin-top:0px;--awb-margin-right:0px;--awb-margin-bottom:1rem;--awb-margin-left:0px;--awb-text-font-family:var(--awb-typography5-font-family);--awb-text-font-weight:var(--awb-typography5-font-weight);--awb-text-font-style:var(--awb-typography5-font-style);\"><p>March 5, 2024.<\/p>\n<\/div><div class=\"fusion-text fusion-text-15 fusion-text-no-margin zajawka-ack\" style=\"--awb-content-alignment:left;--awb-font-size:var(--awb-typography5-font-size);--awb-line-height:var(--awb-typography5-line-height);--awb-letter-spacing:var(--awb-typography5-letter-spacing);--awb-text-transform:var(--awb-typography5-text-transform);--awb-text-color:rgba(0,0,0,0.8);--awb-margin-top:0px;--awb-margin-right:0px;--awb-margin-bottom:1.5rem;--awb-margin-left:0px;--awb-text-font-family:var(--awb-typography5-font-family);--awb-text-font-weight:var(--awb-typography5-font-weight);--awb-text-font-style:var(--awb-typography5-font-style);\"><p>March 5, 2024 for the 21st time Exhibitors and crowds of participants gathered in Pavilion S hall for the KUE Job Fair. As in every edition, there was no shortage of company presentations and expert consultations in the CV Point zone.<\/p>\n<\/div><div class=\"fusion-separator fusion-full-width-sep\" style=\"align-self: center;margin-left: auto;margin-right: auto;flex-grow:1;margin-top:0px;margin-bottom:0px;width:100%;\"><\/div><div style=\"text-align:left;\"><a class=\"fusion-button button-flat fusion-button-default-size button-custom fusion-button-default button-6 fusion-button-default-span fusion-button-default-type\" style=\"--button_accent_color:#000000;--button_border_color:var(--awb-color5);--button_accent_hover_color:var(--awb-color5);--button_border_hover_color:var(--awb-color5);--button_border_width-top:0;--button_border_width-right:0;--button_border_width-bottom:2px;--button_border_width-left:0;--button-border-radius-top-left:0;--button-border-radius-top-right:0;--button-border-radius-bottom-right:0;--button-border-radius-bottom-left:0;--button_gradient_top_color:rgba(0,0,0,0);--button_gradient_bottom_color:rgba(0,0,0,0);--button_gradient_top_color_hover:rgba(0,0,0,0);--button_gradient_bottom_color_hover:rgba(0,0,0,0);--button_text_transform:var(--awb-custom_typography_1-text-transform);--button_font_size:var(--awb-custom_typography_1-font-size);--button_line_height:var(--awb-custom_typography_1-line-height);--button_padding-top:0px;--button_padding-right:0px;--button_padding-bottom:2px;--button_padding-left:0px;--button_typography-letter-spacing:var(--awb-custom_typography_1-letter-spacing);--button_typography-font-family:var(--awb-custom_typography_1-font-family);--button_typography-font-weight:var(--awb-custom_typography_1-font-weight);--button_typography-font-style:var(--awb-custom_typography_1-font-style);--button_margin-top:0px;--button_margin-right:0px;--button_margin-bottom:0px;--button_margin-left:0px;\" target=\"_blank\" rel=\"noopener noreferrer\" href=\"https:\/\/kariery.uek.krakow.pl\/en\/kue-job-fair-reports-from-events\/xxi-targi-pracy-uek-2024-wiosna\/\"><span class=\"fusion-button-text awb-button__text awb-button__text--default\">Read more<\/span><\/a><\/div><\/div><\/div><div class=\"fusion-layout-column fusion_builder_column fusion-builder-column-11 fusion_builder_column_1_3 1_3 fusion-flex-column fusion-flex-align-self-stretch fusion-column-inner-bg-wrapper\" style=\"--awb-padding-top:1.5rem;--awb-padding-right:1.5rem;--awb-padding-bottom:1.5rem;--awb-padding-left:1.5rem;--awb-overflow:hidden;--awb-inner-bg-color:var(--awb-color1);--awb-inner-bg-color-hover:var(--awb-color1);--awb-inner-bg-size:cover;--awb-border-color:var(--awb-custom_color_1);--awb-border-top:1px;--awb-border-right:1px;--awb-border-bottom:1px;--awb-border-left:1px;--awb-border-style:solid;--awb-border-radius:8px 8px 8px 8px;--awb-inner-bg-border-radius:8px 8px 8px 8px;--awb-inner-bg-overflow:hidden;--awb-width-large:33.333333333333%;--awb-margin-top-large:0px;--awb-spacing-right-large:0.75rem;--awb-margin-bottom-large:0px;--awb-spacing-left-large:0.75rem;--awb-width-medium:33.333333333333%;--awb-order-medium:0;--awb-spacing-right-medium:0.75rem;--awb-spacing-left-medium:0.75rem;--awb-width-small:100%;--awb-order-small:0;--awb-spacing-right-small:0.75rem;--awb-spacing-left-small:0.75rem;\" data-scroll-devices=\"small-visibility,medium-visibility,large-visibility\"><span class=\"fusion-column-inner-bg hover-type-none\"><a class=\"fusion-column-anchor\" href=\"https:\/\/kariery.uek.krakow.pl\/en\/kue-job-fair-reports-from-events\/xix-kue-job-fair-2023-autumn\/\"><span class=\"fusion-column-inner-bg-image\"><\/span><\/a><\/span><div class=\"fusion-column-wrapper fusion-column-has-shadow fusion-flex-justify-content-flex-start fusion-content-layout-column\"><div class=\"fusion-image-element \" style=\"--awb-aspect-ratio:3 \/ 2;--awb-object-position:24% 50%;--awb-margin-top:0px;--awb-margin-right:0px;--awb-margin-bottom:1.5rem;--awb-margin-left:0px;--awb-caption-title-font-family:var(--h2_typography-font-family);--awb-caption-title-font-weight:var(--h2_typography-font-weight);--awb-caption-title-font-style:var(--h2_typography-font-style);--awb-caption-title-size:var(--h2_typography-font-size);--awb-caption-title-transform:var(--h2_typography-text-transform);--awb-caption-title-line-height:var(--h2_typography-line-height);--awb-caption-title-letter-spacing:var(--h2_typography-letter-spacing);\"><span class=\" fusion-imageframe imageframe-none imageframe-5 hover-type-none has-aspect-ratio\" style=\"border-radius:4px;\"><img decoding=\"async\" width=\"300\" height=\"200\" title=\"PM_0671\" src=\"https:\/\/kariery.uek.krakow.pl\/wp-content\/uploads\/2023\/12\/PM_0671-300x200.jpg\" class=\"img-responsive wp-image-6727 img-with-aspect-ratio\" data-parent-fit=\"cover\" data-parent-container=\".fusion-image-element\" alt srcset=\"https:\/\/kariery.uek.krakow.pl\/wp-content\/uploads\/2023\/12\/PM_0671-200x133.jpg 200w, https:\/\/kariery.uek.krakow.pl\/wp-content\/uploads\/2023\/12\/PM_0671-400x266.jpg 400w, https:\/\/kariery.uek.krakow.pl\/wp-content\/uploads\/2023\/12\/PM_0671-600x399.jpg 600w, https:\/\/kariery.uek.krakow.pl\/wp-content\/uploads\/2023\/12\/PM_0671-800x532.jpg 800w, https:\/\/kariery.uek.krakow.pl\/wp-content\/uploads\/2023\/12\/PM_0671-1200x798.jpg 1200w\" sizes=\"(max-width: 640px) 100vw, 600px\" \/><\/span><\/div><div class=\"fusion-title title fusion-title-12 fusion-sep-none fusion-title-text fusion-title-size-three\" style=\"--awb-text-color:#000000;--awb-margin-top:0px;--awb-margin-bottom:0.75rem;--awb-margin-top-small:10px;--awb-margin-right-small:0px;--awb-margin-bottom-small:10px;--awb-margin-left-small:0px;--awb-font-size:1.25rem;\"><h3 class=\"fusion-title-heading title-heading-left fusion-responsive-typography-calculated\" style=\"margin:0;font-size:1em;--fontSize:20;line-height:var(--awb-typography3-line-height);\">UEK Job Fair 2023 &#8211; fall<\/h3><\/div><div class=\"fusion-text fusion-text-16 fusion-text-no-margin\" style=\"--awb-content-alignment:left;--awb-font-size:12px;--awb-line-height:var(--awb-typography5-line-height);--awb-letter-spacing:var(--awb-typography5-letter-spacing);--awb-text-transform:var(--awb-typography5-text-transform);--awb-text-color:rgba(0,0,0,0.5);--awb-margin-top:0px;--awb-margin-right:0px;--awb-margin-bottom:1rem;--awb-margin-left:0px;--awb-text-font-family:var(--awb-typography5-font-family);--awb-text-font-weight:var(--awb-typography5-font-weight);--awb-text-font-style:var(--awb-typography5-font-style);\"><p>October 12, 2023.<\/p>\n<\/div><div class=\"fusion-text fusion-text-17 fusion-text-no-margin zajawka-ack\" style=\"--awb-content-alignment:left;--awb-font-size:var(--awb-typography5-font-size);--awb-line-height:var(--awb-typography5-line-height);--awb-letter-spacing:var(--awb-typography5-letter-spacing);--awb-text-transform:var(--awb-typography5-text-transform);--awb-text-color:rgba(0,0,0,0.8);--awb-margin-top:0px;--awb-margin-right:0px;--awb-margin-bottom:1.5rem;--awb-margin-left:0px;--awb-text-font-family:var(--awb-typography5-font-family);--awb-text-font-weight:var(--awb-typography5-font-weight);--awb-text-font-style:var(--awb-typography5-font-style);\"><p>On October 12, 2023, the 20th anniversary KUE Job Fair was held. This year&#8217;s fall edition was unique in many ways. Records have been broken and news has emerged.<\/p>\n<\/div><div class=\"fusion-separator fusion-full-width-sep\" style=\"align-self: center;margin-left: auto;margin-right: auto;flex-grow:1;margin-top:0px;margin-bottom:0px;width:100%;\"><\/div><div style=\"text-align:left;\"><a class=\"fusion-button button-flat fusion-button-default-size button-custom fusion-button-default button-7 fusion-button-default-span fusion-button-default-type\" style=\"--button_accent_color:#000000;--button_border_color:var(--awb-color5);--button_accent_hover_color:var(--awb-color5);--button_border_hover_color:var(--awb-color5);--button_border_width-top:0;--button_border_width-right:0;--button_border_width-bottom:2px;--button_border_width-left:0;--button-border-radius-top-left:0;--button-border-radius-top-right:0;--button-border-radius-bottom-right:0;--button-border-radius-bottom-left:0;--button_gradient_top_color:rgba(0,0,0,0);--button_gradient_bottom_color:rgba(0,0,0,0);--button_gradient_top_color_hover:rgba(0,0,0,0);--button_gradient_bottom_color_hover:rgba(0,0,0,0);--button_text_transform:var(--awb-custom_typography_1-text-transform);--button_font_size:var(--awb-custom_typography_1-font-size);--button_line_height:var(--awb-custom_typography_1-line-height);--button_padding-top:0px;--button_padding-right:0px;--button_padding-bottom:2px;--button_padding-left:0px;--button_typography-letter-spacing:var(--awb-custom_typography_1-letter-spacing);--button_typography-font-family:var(--awb-custom_typography_1-font-family);--button_typography-font-weight:var(--awb-custom_typography_1-font-weight);--button_typography-font-style:var(--awb-custom_typography_1-font-style);--button_margin-top:0px;--button_margin-right:0px;--button_margin-bottom:0px;--button_margin-left:0px;\" target=\"_blank\" rel=\"noopener noreferrer\" href=\"https:\/\/kariery.uek.krakow.pl\/en\/kue-job-fair-reports-from-events\/xix-kue-job-fair-2023-autumn\/\"><span class=\"fusion-button-text awb-button__text awb-button__text--default\">Read more<\/span><\/a><\/div><\/div><\/div><div class=\"fusion-layout-column fusion_builder_column fusion-builder-column-12 fusion_builder_column_1_3 1_3 fusion-flex-column fusion-flex-align-self-stretch fusion-column-inner-bg-wrapper\" style=\"--awb-padding-top:1.5rem;--awb-padding-right:1.5rem;--awb-padding-bottom:1.5rem;--awb-padding-left:1.5rem;--awb-overflow:hidden;--awb-inner-bg-color:var(--awb-color1);--awb-inner-bg-color-hover:var(--awb-color1);--awb-inner-bg-size:cover;--awb-border-color:var(--awb-custom_color_1);--awb-border-top:1px;--awb-border-right:1px;--awb-border-bottom:1px;--awb-border-left:1px;--awb-border-style:solid;--awb-border-radius:8px 8px 8px 8px;--awb-inner-bg-border-radius:8px 8px 8px 8px;--awb-inner-bg-overflow:hidden;--awb-width-large:33.333333333333%;--awb-margin-top-large:0px;--awb-spacing-right-large:0.75rem;--awb-margin-bottom-large:0px;--awb-spacing-left-large:0.75rem;--awb-width-medium:33.333333333333%;--awb-order-medium:0;--awb-spacing-right-medium:0.75rem;--awb-spacing-left-medium:0.75rem;--awb-width-small:100%;--awb-order-small:0;--awb-spacing-right-small:0.75rem;--awb-spacing-left-small:0.75rem;\" data-scroll-devices=\"small-visibility,medium-visibility,large-visibility\"><span class=\"fusion-column-inner-bg hover-type-none\"><a class=\"fusion-column-anchor\" href=\"https:\/\/kariery.uek.krakow.pl\/targi-pracy-pracodawca\/targi-pracy-2023-wiosna\/\"><span class=\"fusion-column-inner-bg-image\"><\/span><\/a><\/span><div class=\"fusion-column-wrapper fusion-column-has-shadow fusion-flex-justify-content-flex-start fusion-content-layout-column\"><div class=\"fusion-image-element \" style=\"--awb-aspect-ratio:3 \/ 2;--awb-object-position:29% 55%;--awb-margin-top:0px;--awb-margin-right:0px;--awb-margin-bottom:1.5rem;--awb-margin-left:0px;--awb-caption-title-font-family:var(--h2_typography-font-family);--awb-caption-title-font-weight:var(--h2_typography-font-weight);--awb-caption-title-font-style:var(--h2_typography-font-style);--awb-caption-title-size:var(--h2_typography-font-size);--awb-caption-title-transform:var(--h2_typography-text-transform);--awb-caption-title-line-height:var(--h2_typography-line-height);--awb-caption-title-letter-spacing:var(--h2_typography-letter-spacing);\"><span class=\" fusion-imageframe imageframe-none imageframe-6 hover-type-none has-aspect-ratio\" style=\"border-radius:4px;\"><img decoding=\"async\" width=\"300\" height=\"200\" title=\"MZ_232\" src=\"https:\/\/kariery.uek.krakow.pl\/wp-content\/uploads\/2023\/04\/MZ_232-300x200.jpg\" class=\"img-responsive wp-image-1706 img-with-aspect-ratio\" data-parent-fit=\"cover\" data-parent-container=\".fusion-image-element\" alt srcset=\"https:\/\/kariery.uek.krakow.pl\/wp-content\/uploads\/2023\/04\/MZ_232-200x134.jpg 200w, https:\/\/kariery.uek.krakow.pl\/wp-content\/uploads\/2023\/04\/MZ_232-400x267.jpg 400w, https:\/\/kariery.uek.krakow.pl\/wp-content\/uploads\/2023\/04\/MZ_232-600x401.jpg 600w, https:\/\/kariery.uek.krakow.pl\/wp-content\/uploads\/2023\/04\/MZ_232-800x534.jpg 800w, https:\/\/kariery.uek.krakow.pl\/wp-content\/uploads\/2023\/04\/MZ_232-1200x801.jpg 1200w\" sizes=\"(max-width: 640px) 100vw, 600px\" \/><\/span><\/div><div class=\"fusion-title title fusion-title-13 fusion-sep-none fusion-title-text fusion-title-size-three\" style=\"--awb-text-color:#000000;--awb-margin-top:0px;--awb-margin-bottom:0.75rem;--awb-margin-top-small:10px;--awb-margin-right-small:0px;--awb-margin-bottom-small:10px;--awb-margin-left-small:0px;--awb-font-size:1.25rem;\"><h3 class=\"fusion-title-heading title-heading-left fusion-responsive-typography-calculated\" style=\"margin:0;font-size:1em;--fontSize:20;line-height:var(--awb-typography3-line-height);\">KUE Job Fair 2023 &#8211; Spring<\/h3><\/div><div class=\"fusion-text fusion-text-18 fusion-text-no-margin\" style=\"--awb-content-alignment:left;--awb-font-size:12px;--awb-line-height:var(--awb-typography5-line-height);--awb-letter-spacing:var(--awb-typography5-letter-spacing);--awb-text-transform:var(--awb-typography5-text-transform);--awb-text-color:rgba(0,0,0,0.5);--awb-margin-top:0px;--awb-margin-right:0px;--awb-margin-bottom:1rem;--awb-margin-left:0px;--awb-text-font-family:var(--awb-typography5-font-family);--awb-text-font-weight:var(--awb-typography5-font-weight);--awb-text-font-style:var(--awb-typography5-font-style);\"><p>9 March 2023<\/p>\n<\/div><div class=\"fusion-text fusion-text-19 fusion-text-no-margin zajawka-ack\" style=\"--awb-content-alignment:left;--awb-font-size:var(--awb-typography5-font-size);--awb-line-height:var(--awb-typography5-line-height);--awb-letter-spacing:var(--awb-typography5-letter-spacing);--awb-text-transform:var(--awb-typography5-text-transform);--awb-text-color:rgba(0,0,0,0.8);--awb-margin-top:0px;--awb-margin-right:0px;--awb-margin-bottom:1.5rem;--awb-margin-left:0px;--awb-text-font-family:var(--awb-typography5-font-family);--awb-text-font-weight:var(--awb-typography5-font-weight);--awb-text-font-style:var(--awb-typography5-font-style);\"><p>The 19th UEK Job Fair took place on 9 March 2023. The spring edition attracted huge interest from visitors, who thronged to the stands for meetings, consultations with HR specialists and company presentations.<\/p>\n<\/div><div class=\"fusion-separator fusion-full-width-sep\" style=\"align-self: center;margin-left: auto;margin-right: auto;flex-grow:1;margin-top:0px;margin-bottom:0px;width:100%;\"><\/div><div style=\"text-align:left;\"><a class=\"fusion-button button-flat fusion-button-default-size button-custom fusion-button-default button-8 fusion-button-default-span fusion-button-default-type\" style=\"--button_accent_color:#000000;--button_border_color:var(--awb-color5);--button_accent_hover_color:var(--awb-color5);--button_border_hover_color:var(--awb-color5);--button_border_width-top:0;--button_border_width-right:0;--button_border_width-bottom:2px;--button_border_width-left:0;--button-border-radius-top-left:0;--button-border-radius-top-right:0;--button-border-radius-bottom-right:0;--button-border-radius-bottom-left:0;--button_gradient_top_color:rgba(0,0,0,0);--button_gradient_bottom_color:rgba(0,0,0,0);--button_gradient_top_color_hover:rgba(0,0,0,0);--button_gradient_bottom_color_hover:rgba(0,0,0,0);--button_text_transform:var(--awb-custom_typography_1-text-transform);--button_font_size:var(--awb-custom_typography_1-font-size);--button_line_height:var(--awb-custom_typography_1-line-height);--button_padding-top:0px;--button_padding-right:0px;--button_padding-bottom:2px;--button_padding-left:0px;--button_typography-letter-spacing:var(--awb-custom_typography_1-letter-spacing);--button_typography-font-family:var(--awb-custom_typography_1-font-family);--button_typography-font-weight:var(--awb-custom_typography_1-font-weight);--button_typography-font-style:var(--awb-custom_typography_1-font-style);--button_margin-top:0px;--button_margin-right:0px;--button_margin-bottom:0px;--button_margin-left:0px;\" target=\"_self\" href=\"https:\/\/kariery.uek.krakow.pl\/targi-pracy-pracodawca\/targi-pracy-2023-wiosna\/\"><span class=\"fusion-button-text awb-button__text awb-button__text--default\">Read more<\/span><\/a><\/div><\/div><\/div><div class=\"fusion-layout-column fusion_builder_column fusion-builder-column-13 fusion_builder_column_1_3 1_3 fusion-flex-column fusion-flex-align-self-stretch fusion-column-inner-bg-wrapper\" style=\"--awb-padding-top:1.5rem;--awb-padding-right:1.5rem;--awb-padding-bottom:1.5rem;--awb-padding-left:1.5rem;--awb-overflow:hidden;--awb-inner-bg-color:var(--awb-color1);--awb-inner-bg-color-hover:var(--awb-color1);--awb-inner-bg-size:cover;--awb-border-color:var(--awb-custom_color_1);--awb-border-top:1px;--awb-border-right:1px;--awb-border-bottom:1px;--awb-border-left:1px;--awb-border-style:solid;--awb-border-radius:8px 8px 8px 8px;--awb-inner-bg-border-radius:8px 8px 8px 8px;--awb-inner-bg-overflow:hidden;--awb-width-large:33.333333333333%;--awb-margin-top-large:0px;--awb-spacing-right-large:0.75rem;--awb-margin-bottom-large:0px;--awb-spacing-left-large:0.75rem;--awb-width-medium:33.333333333333%;--awb-order-medium:0;--awb-spacing-right-medium:0.75rem;--awb-spacing-left-medium:0.75rem;--awb-width-small:100%;--awb-order-small:0;--awb-spacing-right-small:0.75rem;--awb-spacing-left-small:0.75rem;\" data-scroll-devices=\"small-visibility,medium-visibility,large-visibility\"><span class=\"fusion-column-inner-bg hover-type-none\"><a class=\"fusion-column-anchor\" href=\"https:\/\/kariery.uek.krakow.pl\/en\/kue-job-fair-reports-from-events\/xviii-kue-job-fair-2022-autumn\/\"><span class=\"fusion-column-inner-bg-image\"><\/span><\/a><\/span><div class=\"fusion-column-wrapper fusion-column-has-shadow fusion-flex-justify-content-flex-start fusion-content-layout-column\"><div class=\"fusion-image-element \" style=\"--awb-aspect-ratio:3 \/ 2;--awb-margin-top:0px;--awb-margin-right:0px;--awb-margin-bottom:1.5rem;--awb-margin-left:0px;--awb-caption-title-font-family:var(--h2_typography-font-family);--awb-caption-title-font-weight:var(--h2_typography-font-weight);--awb-caption-title-font-style:var(--h2_typography-font-style);--awb-caption-title-size:var(--h2_typography-font-size);--awb-caption-title-transform:var(--h2_typography-text-transform);--awb-caption-title-line-height:var(--h2_typography-line-height);--awb-caption-title-letter-spacing:var(--h2_typography-letter-spacing);\"><span class=\" fusion-imageframe imageframe-none imageframe-7 hover-type-none has-aspect-ratio\" style=\"border-radius:4px;\"><img decoding=\"async\" width=\"300\" height=\"200\" title=\"PM_0257_popr\" src=\"https:\/\/kariery.uek.krakow.pl\/wp-content\/uploads\/2023\/05\/PM_0257_popr-300x200.jpg\" class=\"img-responsive wp-image-2384 img-with-aspect-ratio\" data-parent-fit=\"cover\" data-parent-container=\".fusion-image-element\" alt srcset=\"https:\/\/kariery.uek.krakow.pl\/wp-content\/uploads\/2023\/05\/PM_0257_popr-200x133.jpg 200w, https:\/\/kariery.uek.krakow.pl\/wp-content\/uploads\/2023\/05\/PM_0257_popr-400x266.jpg 400w, https:\/\/kariery.uek.krakow.pl\/wp-content\/uploads\/2023\/05\/PM_0257_popr-600x399.jpg 600w, https:\/\/kariery.uek.krakow.pl\/wp-content\/uploads\/2023\/05\/PM_0257_popr.jpg 800w\" sizes=\"(max-width: 640px) 100vw, 600px\" \/><\/span><\/div><div class=\"fusion-title title fusion-title-14 fusion-sep-none fusion-title-text fusion-title-size-three\" style=\"--awb-text-color:#000000;--awb-margin-top:0px;--awb-margin-bottom:0.75rem;--awb-margin-top-small:10px;--awb-margin-right-small:0px;--awb-margin-bottom-small:10px;--awb-margin-left-small:0px;--awb-font-size:1.25rem;\"><h3 class=\"fusion-title-heading title-heading-left fusion-responsive-typography-calculated\" style=\"margin:0;font-size:1em;--fontSize:20;line-height:var(--awb-typography3-line-height);\">KUE Job Fair 2022 &#8211; Autumn<\/h3><\/div><div class=\"fusion-text fusion-text-20 fusion-text-no-margin\" style=\"--awb-content-alignment:left;--awb-font-size:12px;--awb-line-height:var(--awb-typography5-line-height);--awb-letter-spacing:var(--awb-typography5-letter-spacing);--awb-text-transform:var(--awb-typography5-text-transform);--awb-text-color:rgba(0,0,0,0.5);--awb-margin-top:0px;--awb-margin-right:0px;--awb-margin-bottom:1rem;--awb-margin-left:0px;--awb-text-font-family:var(--awb-typography5-font-family);--awb-text-font-weight:var(--awb-typography5-font-weight);--awb-text-font-style:var(--awb-typography5-font-style);\"><p>11 October 2022<\/p>\n<\/div><div class=\"fusion-text fusion-text-21 fusion-text-no-margin zajawka-ack\" style=\"--awb-content-alignment:left;--awb-font-size:var(--awb-typography5-font-size);--awb-line-height:var(--awb-typography5-line-height);--awb-letter-spacing:var(--awb-typography5-letter-spacing);--awb-text-transform:var(--awb-typography5-text-transform);--awb-text-color:rgba(0,0,0,0.8);--awb-margin-top:0px;--awb-margin-right:0px;--awb-margin-bottom:1.5rem;--awb-margin-left:0px;--awb-text-font-family:var(--awb-typography5-font-family);--awb-text-font-weight:var(--awb-typography5-font-weight);--awb-text-font-style:var(--awb-typography5-font-style);\"><p>The KUE Job Fair took place on 11 October 2022 and was very popular with students and graduates of Krak\u00f3w&#8217;s universities. 61 Exhibitors participated, including 10 Sponsors. Presentations and consultations were also held with 20 companies at CV Point.<\/p>\n<\/div><div class=\"fusion-separator fusion-full-width-sep\" style=\"align-self: center;margin-left: auto;margin-right: auto;flex-grow:1;margin-top:0px;margin-bottom:0px;width:100%;\"><\/div><div style=\"text-align:left;\"><a class=\"fusion-button button-flat fusion-button-default-size button-custom fusion-button-default button-9 fusion-button-default-span fusion-button-default-type\" style=\"--button_accent_color:#000000;--button_border_color:var(--awb-color5);--button_accent_hover_color:var(--awb-color5);--button_border_hover_color:var(--awb-color5);--button_border_width-top:0;--button_border_width-right:0;--button_border_width-bottom:2px;--button_border_width-left:0;--button-border-radius-top-left:0;--button-border-radius-top-right:0;--button-border-radius-bottom-right:0;--button-border-radius-bottom-left:0;--button_gradient_top_color:rgba(0,0,0,0);--button_gradient_bottom_color:rgba(0,0,0,0);--button_gradient_top_color_hover:rgba(0,0,0,0);--button_gradient_bottom_color_hover:rgba(0,0,0,0);--button_text_transform:var(--awb-custom_typography_1-text-transform);--button_font_size:var(--awb-custom_typography_1-font-size);--button_line_height:var(--awb-custom_typography_1-line-height);--button_padding-top:0px;--button_padding-right:0px;--button_padding-bottom:2px;--button_padding-left:0px;--button_typography-letter-spacing:var(--awb-custom_typography_1-letter-spacing);--button_typography-font-family:var(--awb-custom_typography_1-font-family);--button_typography-font-weight:var(--awb-custom_typography_1-font-weight);--button_typography-font-style:var(--awb-custom_typography_1-font-style);--button_margin-top:0px;--button_margin-right:0px;--button_margin-bottom:0px;--button_margin-left:0px;\" target=\"_self\" href=\"https:\/\/kariery.uek.krakow.pl\/targi-pracy-pracodawca\/xviii-targi-pracy-uek-2022-jesien\/\"><span class=\"fusion-button-text awb-button__text awb-button__text--default\">Read more<\/span><\/a><\/div><\/div><\/div><\/div><\/div><\/p>\n","protected":false},"excerpt":{"rendered":"","protected":false},"author":1,"featured_media":0,"parent":0,"menu_order":0,"comment_status":"closed","ping_status":"closed","template":"100-width.php","meta":{"_acf_changed":false,"footnotes":""},"class_list":["post-1936","page","type-page","status-publish","hentry"],"acf":[],"yoast_head":"<!-- This site is optimized with the Yoast SEO plugin v27.2 - https:\/\/yoast.com\/product\/yoast-seo-wordpress\/ -->\n<title>Job fair - employer - Akademickie Centrum Kariery Uniwersytetu Ekonomicznego w Krakowie<\/title>\n<meta name=\"robots\" content=\"index, follow, max-snippet:-1, max-image-preview:large, max-video-preview:-1\" \/>\n<link rel=\"canonical\" href=\"https:\/\/kariery.uek.krakow.pl\/en\/job-fair-employer\/\" \/>\n<meta property=\"og:locale\" content=\"en_US\" \/>\n<meta property=\"og:type\" content=\"article\" \/>\n<meta property=\"og:title\" content=\"Job fair - employer - Akademickie Centrum Kariery Uniwersytetu Ekonomicznego w Krakowie\" \/>\n<meta property=\"og:url\" content=\"https:\/\/kariery.uek.krakow.pl\/en\/job-fair-employer\/\" \/>\n<meta property=\"og:site_name\" content=\"Akademickie Centrum Kariery Uniwersytetu Ekonomicznego w Krakowie\" \/>\n<meta property=\"article:publisher\" content=\"https:\/\/www.facebook.com\/AkademickieCentrumKariery\" \/>\n<meta property=\"article:modified_time\" content=\"2026-02-20T14:50:11+00:00\" \/>\n<meta property=\"og:image\" content=\"https:\/\/kariery.uek.krakow.pl\/wp-content\/uploads\/2023\/03\/4-zaslpeka.jpg\" \/>\n\t<meta property=\"og:image:width\" content=\"800\" \/>\n\t<meta property=\"og:image:height\" content=\"534\" \/>\n\t<meta property=\"og:image:type\" content=\"image\/jpeg\" \/>\n<meta name=\"twitter:card\" content=\"summary_large_image\" \/>\n<meta name=\"twitter:label1\" content=\"Est. reading time\" \/>\n\t<meta name=\"twitter:data1\" content=\"5 minutes\" \/>\n<script type=\"application\/ld+json\" class=\"yoast-schema-graph\">{\"@context\":\"https:\/\/schema.org\",\"@graph\":[{\"@type\":\"WebPage\",\"@id\":\"https:\/\/kariery.uek.krakow.pl\/en\/job-fair-employer\/\",\"url\":\"https:\/\/kariery.uek.krakow.pl\/en\/job-fair-employer\/\",\"name\":\"Job fair - employer - Akademickie Centrum Kariery Uniwersytetu Ekonomicznego w Krakowie\",\"isPartOf\":{\"@id\":\"https:\/\/kariery.uek.krakow.pl\/en\/#website\"},\"datePublished\":\"2023-04-28T10:29:01+00:00\",\"dateModified\":\"2026-02-20T14:50:11+00:00\",\"breadcrumb\":{\"@id\":\"https:\/\/kariery.uek.krakow.pl\/en\/job-fair-employer\/#breadcrumb\"},\"inLanguage\":\"en-US\",\"potentialAction\":[{\"@type\":\"ReadAction\",\"target\":[\"https:\/\/kariery.uek.krakow.pl\/en\/job-fair-employer\/\"]}]},{\"@type\":\"BreadcrumbList\",\"@id\":\"https:\/\/kariery.uek.krakow.pl\/en\/job-fair-employer\/#breadcrumb\",\"itemListElement\":[{\"@type\":\"ListItem\",\"position\":1,\"name\":\"Strona g\u0142\u00f3wna\",\"item\":\"https:\/\/kariery.uek.krakow.pl\/en\/home-page\/\"},{\"@type\":\"ListItem\",\"position\":2,\"name\":\"Job fair &#8211; employer\"}]},{\"@type\":\"WebSite\",\"@id\":\"https:\/\/kariery.uek.krakow.pl\/en\/#website\",\"url\":\"https:\/\/kariery.uek.krakow.pl\/en\/\",\"name\":\"Akademickie Centrum Kariery Uniwersytetu Ekonomicznego w Krakowie\",\"description\":\"\u0141\u0105czymy Student\u00f3w z Biznesem\",\"publisher\":{\"@id\":\"https:\/\/kariery.uek.krakow.pl\/en\/#organization\"},\"alternateName\":\"ACK UEK\",\"potentialAction\":[{\"@type\":\"SearchAction\",\"target\":{\"@type\":\"EntryPoint\",\"urlTemplate\":\"https:\/\/kariery.uek.krakow.pl\/en\/?s={search_term_string}\"},\"query-input\":{\"@type\":\"PropertyValueSpecification\",\"valueRequired\":true,\"valueName\":\"search_term_string\"}}],\"inLanguage\":\"en-US\"},{\"@type\":\"Organization\",\"@id\":\"https:\/\/kariery.uek.krakow.pl\/en\/#organization\",\"name\":\"Akacemickie Centrum Kariery UEK\",\"alternateName\":\"ACK UEK\",\"url\":\"https:\/\/kariery.uek.krakow.pl\/en\/\",\"logo\":{\"@type\":\"ImageObject\",\"inLanguage\":\"en-US\",\"@id\":\"https:\/\/kariery.uek.krakow.pl\/en\/#\/schema\/logo\/image\/\",\"url\":\"https:\/\/kariery.uek.krakow.pl\/wp-content\/uploads\/2023\/03\/4-zaslpeka.jpg\",\"contentUrl\":\"https:\/\/kariery.uek.krakow.pl\/wp-content\/uploads\/2023\/03\/4-zaslpeka.jpg\",\"width\":800,\"height\":534,\"caption\":\"Akacemickie Centrum Kariery UEK\"},\"image\":{\"@id\":\"https:\/\/kariery.uek.krakow.pl\/en\/#\/schema\/logo\/image\/\"},\"sameAs\":[\"https:\/\/www.facebook.com\/AkademickieCentrumKariery\",\"https:\/\/www.instagram.com\/ack_uek\/\",\"https:\/\/www.linkedin.com\/company\/akademickie-centrum-kariery-uek\/\"]}]}<\/script>\n<!-- \/ Yoast SEO plugin. -->","yoast_head_json":{"title":"Job fair - employer - Akademickie Centrum Kariery Uniwersytetu Ekonomicznego w Krakowie","robots":{"index":"index","follow":"follow","max-snippet":"max-snippet:-1","max-image-preview":"max-image-preview:large","max-video-preview":"max-video-preview:-1"},"canonical":"https:\/\/kariery.uek.krakow.pl\/en\/job-fair-employer\/","og_locale":"en_US","og_type":"article","og_title":"Job fair - employer - Akademickie Centrum Kariery Uniwersytetu Ekonomicznego w Krakowie","og_url":"https:\/\/kariery.uek.krakow.pl\/en\/job-fair-employer\/","og_site_name":"Akademickie Centrum Kariery Uniwersytetu Ekonomicznego w Krakowie","article_publisher":"https:\/\/www.facebook.com\/AkademickieCentrumKariery","article_modified_time":"2026-02-20T14:50:11+00:00","og_image":[{"width":800,"height":534,"url":"https:\/\/kariery.uek.krakow.pl\/wp-content\/uploads\/2023\/03\/4-zaslpeka.jpg","type":"image\/jpeg"}],"twitter_card":"summary_large_image","twitter_misc":{"Est. reading time":"5 minutes"},"schema":{"@context":"https:\/\/schema.org","@graph":[{"@type":"WebPage","@id":"https:\/\/kariery.uek.krakow.pl\/en\/job-fair-employer\/","url":"https:\/\/kariery.uek.krakow.pl\/en\/job-fair-employer\/","name":"Job fair - employer - Akademickie Centrum Kariery Uniwersytetu Ekonomicznego w Krakowie","isPartOf":{"@id":"https:\/\/kariery.uek.krakow.pl\/en\/#website"},"datePublished":"2023-04-28T10:29:01+00:00","dateModified":"2026-02-20T14:50:11+00:00","breadcrumb":{"@id":"https:\/\/kariery.uek.krakow.pl\/en\/job-fair-employer\/#breadcrumb"},"inLanguage":"en-US","potentialAction":[{"@type":"ReadAction","target":["https:\/\/kariery.uek.krakow.pl\/en\/job-fair-employer\/"]}]},{"@type":"BreadcrumbList","@id":"https:\/\/kariery.uek.krakow.pl\/en\/job-fair-employer\/#breadcrumb","itemListElement":[{"@type":"ListItem","position":1,"name":"Strona g\u0142\u00f3wna","item":"https:\/\/kariery.uek.krakow.pl\/en\/home-page\/"},{"@type":"ListItem","position":2,"name":"Job fair &#8211; employer"}]},{"@type":"WebSite","@id":"https:\/\/kariery.uek.krakow.pl\/en\/#website","url":"https:\/\/kariery.uek.krakow.pl\/en\/","name":"Akademickie Centrum Kariery Uniwersytetu Ekonomicznego w Krakowie","description":"\u0141\u0105czymy Student\u00f3w z Biznesem","publisher":{"@id":"https:\/\/kariery.uek.krakow.pl\/en\/#organization"},"alternateName":"ACK UEK","potentialAction":[{"@type":"SearchAction","target":{"@type":"EntryPoint","urlTemplate":"https:\/\/kariery.uek.krakow.pl\/en\/?s={search_term_string}"},"query-input":{"@type":"PropertyValueSpecification","valueRequired":true,"valueName":"search_term_string"}}],"inLanguage":"en-US"},{"@type":"Organization","@id":"https:\/\/kariery.uek.krakow.pl\/en\/#organization","name":"Akacemickie Centrum Kariery UEK","alternateName":"ACK UEK","url":"https:\/\/kariery.uek.krakow.pl\/en\/","logo":{"@type":"ImageObject","inLanguage":"en-US","@id":"https:\/\/kariery.uek.krakow.pl\/en\/#\/schema\/logo\/image\/","url":"https:\/\/kariery.uek.krakow.pl\/wp-content\/uploads\/2023\/03\/4-zaslpeka.jpg","contentUrl":"https:\/\/kariery.uek.krakow.pl\/wp-content\/uploads\/2023\/03\/4-zaslpeka.jpg","width":800,"height":534,"caption":"Akacemickie Centrum Kariery UEK"},"image":{"@id":"https:\/\/kariery.uek.krakow.pl\/en\/#\/schema\/logo\/image\/"},"sameAs":["https:\/\/www.facebook.com\/AkademickieCentrumKariery","https:\/\/www.instagram.com\/ack_uek\/","https:\/\/www.linkedin.com\/company\/akademickie-centrum-kariery-uek\/"]}]}},"_links":{"self":[{"href":"https:\/\/kariery.uek.krakow.pl\/en\/wp-json\/wp\/v2\/pages\/1936","targetHints":{"allow":["GET"]}}],"collection":[{"href":"https:\/\/kariery.uek.krakow.pl\/en\/wp-json\/wp\/v2\/pages"}],"about":[{"href":"https:\/\/kariery.uek.krakow.pl\/en\/wp-json\/wp\/v2\/types\/page"}],"author":[{"embeddable":true,"href":"https:\/\/kariery.uek.krakow.pl\/en\/wp-json\/wp\/v2\/users\/1"}],"replies":[{"embeddable":true,"href":"https:\/\/kariery.uek.krakow.pl\/en\/wp-json\/wp\/v2\/comments?post=1936"}],"version-history":[{"count":178,"href":"https:\/\/kariery.uek.krakow.pl\/en\/wp-json\/wp\/v2\/pages\/1936\/revisions"}],"predecessor-version":[{"id":22221,"href":"https:\/\/kariery.uek.krakow.pl\/en\/wp-json\/wp\/v2\/pages\/1936\/revisions\/22221"}],"wp:attachment":[{"href":"https:\/\/kariery.uek.krakow.pl\/en\/wp-json\/wp\/v2\/media?parent=1936"}],"curies":[{"name":"wp","href":"https:\/\/api.w.org\/{rel}","templated":true}]}}